{"version":"1.0","provider_name":"\u0420\u0430\u0434\u0443\u0436\u043d\u0430\u044f \u0448\u043a\u043e\u043b\u0430 GT","provider_url":"https:\/\/regenbogenschule-gt.de\/ru","author_name":"RBS","author_url":"https:\/\/regenbogenschule-gt.de\/ru\/author\/duellmann","title":"Die Spitze des F\u00f6rdervereins wechselt - Regenbogenschule-GT","type":"rich","width":600,"height":338,"html":"<blockquote class=\"wp-embedded-content\" data-secret=\"v2RLeZchTF\"><a href=\"https:\/\/regenbogenschule-gt.de\/ru\/die-spitze-des-foerdervereins-wechselt\">\u0421\u043c\u0435\u043d\u0438\u043b\u0441\u044f \u0440\u0443\u043a\u043e\u0432\u043e\u0434\u0438\u0442\u0435\u043b\u044c \u0430\u0441\u0441\u043e\u0446\u0438\u0430\u0446\u0438\u0438<\/a><\/blockquote><iframe sandbox=\"allow-scripts\" security=\"restricted\" src=\"https:\/\/regenbogenschule-gt.de\/ru\/die-spitze-des-foerdervereins-wechselt\/embed#?secret=v2RLeZchTF\" width=\"600\" height=\"338\" title=\"\u00abDie Spitze des F\u00f6rdervereins wechselt\u00bb &#8212; Regenbogenschule-GT\" data-secret=\"v2RLeZchTF\" frameborder=\"0\" marginwidth=\"0\" marginheight=\"0\" scrolling=\"no\" class=\"wp-embedded-content\"><\/iframe><script>\n\/*! This file is auto-generated *\/\n!function(d,l){\"use strict\";l.querySelector&&d.addEventListener&&\"undefined\"!=typeof URL&&(d.wp=d.wp||{},d.wp.receiveEmbedMessage||(d.wp.receiveEmbedMessage=function(e){var t=e.data;if((t||t.secret||t.message||t.value)&&!\/[^a-zA-Z0-9]\/.test(t.secret)){for(var s,r,n,a=l.querySelectorAll('iframe[data-secret=\"'+t.secret+'\"]'),o=l.querySelectorAll('blockquote[data-secret=\"'+t.secret+'\"]'),c=new RegExp(\"^https?:$\",\"i\"),i=0;i<o.length;i++)o[i].style.display=\"none\";for(i=0;i<a.length;i++)s=a[i],e.source===s.contentWindow&&(s.removeAttribute(\"style\"),\"height\"===t.message?(1e3<(r=parseInt(t.value,10))?r=1e3:~~r<200&&(r=200),s.height=r):\"link\"===t.message&&(r=new URL(s.getAttribute(\"src\")),n=new URL(t.value),c.test(n.protocol))&&n.host===r.host&&l.activeElement===s&&(d.top.location.href=t.value))}},d.addEventListener(\"message\",d.wp.receiveEmbedMessage,!1),l.addEventListener(\"DOMContentLoaded\",function(){for(var e,t,s=l.querySelectorAll(\"iframe.wp-embedded-content\"),r=0;r<s.length;r++)(t=(e=s[r]).getAttribute(\"data-secret\"))||(t=Math.random().toString(36).substring(2,12),e.src+=\"#?secret=\"+t,e.setAttribute(\"data-secret\",t)),e.contentWindow.postMessage({message:\"ready\",secret:t},\"*\")},!1)))}(window,document);\n\/\/# sourceURL=https:\/\/regenbogenschule-gt.de\/wp-includes\/js\/wp-embed.min.js\n<\/script>","thumbnail_url":"https:\/\/regenbogenschule-gt.de\/wp-content\/uploads\/2022\/06\/Foe.jpg","thumbnail_width":604,"thumbnail_height":392,"description":"\u00a0 Frau Wesseler und Frau Wittreck werden mit Blumen verabschiedet! &nbsp; Der\u00a0 F\u00f6rderverein der Regenbogenschule hat in seiner letzten Sitzung am 24.Mai 2022 die langj\u00e4hrige Vorsitzende des F\u00f6rdervereins Frau Wittreck und die stellvertretende Vorsitzende Frau Wesseler aus ihrer Vorstandst\u00e4tigkeit entlassen. Beide waren seit 2017 engagiert in dieser Rolle t\u00e4tig. Erfreulicherweise gibt es zwei neue Vorstandsmitglieder, [&hellip;]"}